{"id":1751,"date":"2021-07-06T16:58:03","date_gmt":"2021-07-06T19:58:03","guid":{"rendered":"http:\/\/localhost\/tembici\/?page_id=1751"},"modified":"2021-07-20T21:20:12","modified_gmt":"2021-07-21T00:20:12","slug":"sobre-nos","status":"publish","type":"page","link":"https:\/\/www.tembici.com.br\/es\/sobre-nos\/","title":{"rendered":"Sobre nosotros"},"content":{"rendered":"<section class=\"banner\">\r\n      <div class=\"banner__slider owl-carousel owl-theme\">\r\n   \r\n      <div class=\"middle-banner__item\" style=\"background-image: url(https:\/\/www.tembici.com.br\/wp-content\/uploads\/2021\/07\/sobre-2.png);\">\r\n            <div class=\"item container\">\r\n               <div class=\"row\">\r\n                  <div class=\"col-lg-5 align-self-center text-center text-lg-left item--white\">\r\n                     <h1><small>Nuestro prop\u00f3sito es inspirar una revoluci\u00f3n global de movilidad, una persona a la vez<\/small><\/h1>\r\n                     \r\n                  <\/div>\r\n                  <div class=\"col-lg-7 align-self-end text-center text-lg-right\">\r\n                     <img decoding=\"async\" src=\"\">\r\n                  <\/div>\r\n               <\/div>\r\n            <\/div>\r\n         <\/div>\r\n      \r\n      <\/div>\r\n   <\/section>\r\n   \n\n\n\n<section class=\"middle-banner-fotos mb-5\">\r\n        <div class=\"container\">\r\n            <div class=\"row mb-5\">\r\n                    <div class=\"col-lg-5 align-self-center text-center text-lg-left mb-7\">\r\n                    <h2 style=\"font-size:24px;\">Vivir en un espacio urbano no necesita ser atascado, lento, aburrido.<\/h2>\r\n                    <a class=\"txt-description text-justify\">Es por eso que trabajamos para inspirar y facilitar que todo el mundo descubra que la bicicleta es exactamente lo que faltaba en sus vidas. Y para que as\u00ed, el espacio urbano se vuelva m\u00e1s sostenible, agradable y seguro. <\/a>\r\n                    <\/div>\r\n                    <div class=\"col-lg-7 text-right\">\r\n                        <div class=\"fadedown class=\"mb-5 \">\r\n                            <img decoding=\"async\" src=\"https:\/\/www.tembici.com.br\/wp-content\/uploads\/2021\/07\/destaques_img7464-3-169-1-1.png\">\r\n                        <\/div>\r\n                    <\/div>\r\n                    <\/div>\r\n            <div class=\"row\">\r\n                    <div class=\"col-lg-6\">\r\n                        <div class=\"fadedown class=\"mb-5 mt-5\">\r\n                            <img decoding=\"async\" src=\"https:\/\/www.tembici.com.br\/wp-content\/uploads\/2021\/07\/itau-rj-img-1.png\">\r\n                        <\/div>\r\n                    <\/div>\r\n                    <div class=\"col-lg-6 align-self-center text-center text-lg-right mb-5 mt-5\">\r\n                        <h2 style=\"font-size:24px;\">Somos la empresa l\u00edder en Am\u00e9rica Latina de tecnolog\u00eda para la micromovilidad, que crea soluciones para inspirar una revoluci\u00f3n del espacio urbano.<\/h2>\r\n                        <span class=\"txt-description\">Usamos tecnolog\u00eda e involucramos a socios p\u00fablicos, privados y la sociedad civil para que la convivencia de las personas con las ciudades sea m\u00e1s eficiente, inteligente y agradable<\/span>\r\n                        <\/div>\r\n\r\n            \r\n        <\/div>\r\n    <\/section>\n\n\n\n\r\n        <section class=\"premios\">\r\n            <div class=\"container\">\r\n                <div class=\"row\">\r\n                    <div class=\"col mb-4 align-self-center\">\r\n                        <h2 class=\"mb-2\">Premios<\/h2>\r\n                        <span><\/span>\r\n                    <\/div>\r\n                    <div class=\"col-md-6 offset-1 align-self-center\">\r\n                    <div class=\"row premios-flex\"><div class=\"col-4 text-center\"><img decoding=\"async\" src=\"https:\/\/www.tembici.com.br\/wp-content\/uploads\/2021\/07\/100-startups-to-watch.png\" alt=\"Pr\u00eamio\" class=\"mt-3\"><\/div><div class=\"col-4 text-center\"><img decoding=\"async\" src=\"https:\/\/www.tembici.com.br\/wp-content\/uploads\/2021\/07\/cx-awards.png\" alt=\"Pr\u00eamio\" class=\"mt-3\"><\/div><div class=\"col-4 text-center\"><img decoding=\"async\" src=\"https:\/\/www.tembici.com.br\/wp-content\/uploads\/2021\/07\/mobilidade-estadao1.png\" alt=\"Pr\u00eamio\" class=\"mt-3\"><\/div><div class=\"col-4 text-center\"><img decoding=\"async\" src=\"https:\/\/www.tembici.com.br\/wp-content\/uploads\/2021\/07\/sonion.png\" alt=\"Pr\u00eamio\" class=\"mt-3\"><\/div><div class=\"col-4 text-center\"><img decoding=\"async\" src=\"https:\/\/www.tembici.com.br\/wp-content\/uploads\/2021\/07\/premio-esg.png\" alt=\"Pr\u00eamio\" class=\"mt-3\"><\/div><div class=\"col-4 text-center\"><img decoding=\"async\" src=\"https:\/\/www.tembici.com.br\/wp-content\/uploads\/2021\/07\/logo-premio-100-2021-1.png\" alt=\"Pr\u00eamio\" class=\"mt-3\"><\/div>\r\n                    <\/div>\r\n                    <\/div>\r\n\r\n                <\/div>\r\n            <\/div>\r\n        <\/section>\n\n\n\n<section class=\"app-midia\">\n    <div class=\"container\">\n        <h1 class=\"text-center\">Lo que sali\u00f3 en los medios<\/h1>\n            <div class=\"row\">\n  \n                <div class=\"col-12 planos__wrap-slider\">\n                    <div class=\"planos__slider  owl-carousel owl-theme\">\n  \n                        <div class=\"card card-midia item\" data-merge=\"4\" col-sm-12\">\n                            <div class=\"card-body\">\n                                <p class=\"card-title\">73% das pessoas utilizam bicicletas compartilhadas para evitar tr\u00e2nsito<\/p>\n                                <div class=\"card-text\">\n                                    <a href=\"https:\/\/veja.abril.com.br\/coluna\/radar-economico\/73-das-pessoas-utilizam-bicicletas-compartilhadas-para-evitar-transito\/\" class=\"card-link\">Leer el art\u00edculo <i class=\"fas fa-arrow-right\"><\/i><\/a>\n                                <\/div>\n                                <div class=\"card-text\">\n                                    <a href=\"https:\/\/veja.abril.com.br\/coluna\/radar-economico\/73-das-pessoas-utilizam-bicicletas-compartilhadas-para-evitar-transito\/\" target=\"_blank\"><img decoding=\"async\" src=\"https:\/\/www.tembici.com.br\/wp-content\/uploads\/2022\/05\/Veja.png\"><\/a>\n                                <\/div>\n                            <\/div>\n                        <\/div>\n                    \n                        <div class=\"card card-midia item\" data-merge=\"4\" col-sm-12\">\n                            <div class=\"card-body\">\n                                <p class=\"card-title\">Las mujeres representan el 40% de las personas que utilizan bicicletas compartidas<\/p>\n                                <div class=\"card-text\">\n                                    <a href=\"https:\/\/mobilidade.estadao.com.br\/meios-de-transporte\/bicicleta\/mulheres-representam-40-dos-usuarios-de-bicicletas-compartilhadas\/\" class=\"card-link\">Leer el art\u00edculo <i class=\"fas fa-arrow-right\"><\/i><\/a>\n                                <\/div>\n                                <div class=\"card-text\">\n                                    <a href=\"https:\/\/mobilidade.estadao.com.br\/meios-de-transporte\/bicicleta\/mulheres-representam-40-dos-usuarios-de-bicicletas-compartilhadas\/\" target=\"_blank\"><img decoding=\"async\" src=\"https:\/\/www.tembici.com.br\/wp-content\/uploads\/2022\/05\/Midia-Mobilidade-Estadao.jpg\"><\/a>\n                                <\/div>\n                            <\/div>\n                        <\/div>\n  \n                        <div class=\"card card-midia item\" data-merge=\"4\" col-sm-12\">\n                            <div class=\"card-body\">\n                                <p class=\"card-title\">Pedalar \u00e9 aliada do meio ambiente e da sa\u00fade, mostra pesquisa de bikes compartilhadas<\/p>\n                                <div class=\"card-text\">\n                                    <a href=\"https:\/\/www.bemparana.com.br\/bem-estar\/saude-e-beleza\/pedalar-e-aliada-do-meio-ambiente-e-da-saude-mostra-pesquisa-de-bikes-compartilhadas\/\" class=\"card-link\">Leer el art\u00edculo <i class=\"fas fa-arrow-right\"><\/i><\/a>\n                                <\/div>\n                                <div class=\"card-text\">\n                                    <a href=\"https:\/\/www.bemparana.com.br\/bem-estar\/saude-e-beleza\/pedalar-e-aliada-do-meio-ambiente-e-da-saude-mostra-pesquisa-de-bikes-compartilhadas\/\" target=\"_blank\"><img decoding=\"async\" src=\"https:\/\/www.tembici.com.br\/wp-content\/uploads\/2022\/05\/bemparana.png\"><\/a>\n                                <\/div>\n                            <\/div>\n                        <\/div>\n                       \n\n                     \n  \n                    <\/div>\n                <\/div>\n  \n            <\/div>\n        <\/div>\n    <\/div>\n  <\/section>\n\n\n\n\r\n    <section class=\"app-falar\">\r\n        <div class=\"container\">\r\n            <h1 class=\"text-center\">\u00bfNecesitas ayuda o quieres hablar con nosotros?<\/h1>\r\n                <div class=\"row\">\r\n                    <div class=\"col-12\">\r\n                        <div class=\"card card-midia item\" data-merge=\"4\" col-sm-12\">\r\n                            <div class=\"card-body\">\r\n                                <h4 class=\"card-title text-center\"><\/h4>\r\n                                <div class=\"card-text\">\r\n                                    <span class=\"text-center\"><p style=\"text-align: center;\" class=\"translation-block\">Accede a nuestra <a href=\"https:\/\/tembicihelp.zendesk.com\/hc\/es-419\" target=\"_self\">Central de ayuda<\/a><\/p>\n<p style=\"text-align: center;\">O descubre nuestros <a class=\"c-link\" tabindex=\"-1\" href=\"https:\/\/tembicihelp.zendesk.com\/hc\/es-419\" target=\"_blank\" rel=\"noopener noreferrer\" data-stringify-link=\"https:\/\/tembicihelp.zendesk.com\/hc\/pt-br\/articles\/4415844030484\" data-sk=\"tooltip_parent\" data-remove-tab-index=\"true\">canales de atenci\u00f3n<\/a><br \/>\n<b data-stringify-type=\"bold\"><\/b><\/p>\n<div class=\"card-text\">\n<p style=\"text-align: center;\">\n<\/div>\n<\/span>\r\n                                <\/div>\r\n                            <\/div>\r\n                        <\/div>\r\n                    \r\n                        <div class=\"card card-midia item\" data-merge=\"4\" col-sm-12\">\r\n                            <div class=\"card-body\">\r\n                                <h4 class=\"card-title text-center\">Prensa<\/h4>\r\n                                <div class=\"card-text\">\r\n                                    <span class=\"text-center\"><p>E-mail:\u00a0<a href=\"mailto:imprensa@tembici.com\">imprensa@tembici.com<\/a><\/p>\n<\/span>\r\n                                <\/div>\r\n                            <\/div>\r\n                        <\/div>\r\n                    <\/div>\r\n                <\/div>\r\n            <\/div>\r\n        <\/div>\r\n    <\/section>","protected":false},"excerpt":{"rendered":"","protected":false},"author":24,"featured_media":0,"parent":0,"menu_order":0,"comment_status":"closed","ping_status":"closed","template":"","meta":{"_acf_changed":false,"footnotes":""},"class_list":["post-1751","page","type-page","status-publish","hentry"],"acf":[],"_links":{"self":[{"href":"https:\/\/www.tembici.com.br\/es\/wp-json\/wp\/v2\/pages\/1751","targetHints":{"allow":["GET"]}}],"collection":[{"href":"https:\/\/www.tembici.com.br\/es\/wp-json\/wp\/v2\/pages"}],"about":[{"href":"https:\/\/www.tembici.com.br\/es\/wp-json\/wp\/v2\/types\/page"}],"author":[{"embeddable":true,"href":"https:\/\/www.tembici.com.br\/es\/wp-json\/wp\/v2\/users\/24"}],"replies":[{"embeddable":true,"href":"https:\/\/www.tembici.com.br\/es\/wp-json\/wp\/v2\/comments?post=1751"}],"version-history":[{"count":10,"href":"https:\/\/www.tembici.com.br\/es\/wp-json\/wp\/v2\/pages\/1751\/revisions"}],"predecessor-version":[{"id":2025,"href":"https:\/\/www.tembici.com.br\/es\/wp-json\/wp\/v2\/pages\/1751\/revisions\/2025"}],"wp:attachment":[{"href":"https:\/\/www.tembici.com.br\/es\/wp-json\/wp\/v2\/media?parent=1751"}],"curies":[{"name":"wp","href":"https:\/\/api.w.org\/{rel}","templated":true}]}}