{"id":1751,"date":"2021-07-06T16:58:03","date_gmt":"2021-07-06T19:58:03","guid":{"rendered":"http:\/\/localhost\/tembici\/?page_id=1751"},"modified":"2021-07-20T21:20:12","modified_gmt":"2021-07-21T00:20:12","slug":"sobre-nos","status":"publish","type":"page","link":"https:\/\/www.tembici.com.br\/pt\/sobre-nos\/","title":{"rendered":"Sobre n\u00f3s"},"content":{"rendered":"\n\r\n   <section class=\"banner\">\r\n      <div class=\"banner__slider owl-carousel owl-theme\">\r\n   \r\n      <div class=\"middle-banner__item\" style=\"background-image: url(https:\/\/www.tembici.com.br\/wp-content\/uploads\/2021\/07\/sobre-2.png);\">\r\n            <div class=\"item container\">\r\n               <div class=\"row\">\r\n                  <div class=\"col-lg-5 align-self-center text-center text-lg-left item--white\">\r\n                     <h1><small>Nosso prop\u00f3sito \u00e9 inspirar uma revolu\u00e7\u00e3o global de mobilidade, uma pessoa por vez.<\/small><\/h1>\r\n                     \r\n                  <\/div>\r\n                  <div class=\"col-lg-7 align-self-end text-center text-lg-right\">\r\n                     <img decoding=\"async\" src=\"\">\r\n                  <\/div>\r\n               <\/div>\r\n            <\/div>\r\n         <\/div>\r\n      \r\n      <\/div>\r\n   <\/section>\r\n   \n\n\n\n<section class=\"middle-banner-fotos mb-5\">\r\n        <div class=\"container\">\r\n            <div class=\"row mb-5\">\r\n                    <div class=\"col-lg-5 align-self-center text-center text-lg-left mb-7\">\r\n                    <h2 style=\"font-size:24px;\">Viver o espa\u00e7o urbano n\u00e3o precisa ser engarrafado, demorado, chato.<\/h2>\r\n                    <a class=\"txt-description text-justify\">\u00c9 para isso que trabalhamos: para inspirar e tornar f\u00e1cil que todo mundo descubra que a bicicleta \u00e9 exatamente o que faltava em suas vidas. E para que, assim, o espa\u00e7o urbano fique mais sustent\u00e1vel, agrad\u00e1vel e seguro. <\/a>\r\n                    <\/div>\r\n                    <div class=\"col-lg-7 text-right\">\r\n                        <div class=\"fadedown class=\"mb-5 \">\r\n                            <img decoding=\"async\" src=\"https:\/\/www.tembici.com.br\/wp-content\/uploads\/2021\/07\/destaques_img7464-3-169-1-1.png\">\r\n                        <\/div>\r\n                    <\/div>\r\n                    <\/div>\r\n            <div class=\"row\">\r\n                    <div class=\"col-lg-6\">\r\n                        <div class=\"fadedown class=\"mb-5 mt-5\">\r\n                            <img decoding=\"async\" src=\"https:\/\/www.tembici.com.br\/wp-content\/uploads\/2021\/07\/itau-rj-img-1.png\">\r\n                        <\/div>\r\n                    <\/div>\r\n                    <div class=\"col-lg-6 align-self-center text-center text-lg-right mb-5 mt-5\">\r\n                        <h2 style=\"font-size:24px;\">Somos a empresa l\u00edder da Am\u00e9rica Latina de tecnologia para micro mobilidade que cria solu\u00e7\u00f5es para inspirar uma revolu\u00e7\u00e3o do espa\u00e7o urbano.<\/h2>\r\n                        <span class=\"txt-description\">Usamos tecnologia e engajamos parceiros p\u00fablicos, privados e a sociedade civil para que o conv\u00edvio das pessoas com as cidades seja mais eficiente, inteligente e agrad\u00e1vel<\/span>\r\n                        <\/div>\r\n\r\n            \r\n        <\/div>\r\n    <\/section>\n\n\n\n\r\n        <section class=\"premios\">\r\n            <div class=\"container\">\r\n                <div class=\"row\">\r\n                    <div class=\"col mb-4 align-self-center\">\r\n                        <h2 class=\"mb-2\">Pr\u00eamios<\/h2>\r\n                        <span><\/span>\r\n                    <\/div>\r\n                    <div class=\"col-md-6 offset-1 align-self-center\">\r\n                    <div class=\"row premios-flex\"><div class=\"col-4 text-center\"><img decoding=\"async\" src=\"https:\/\/www.tembici.com.br\/wp-content\/uploads\/2021\/07\/100-startups-to-watch.png\" alt=\"Pr\u00eamio\" class=\"mt-3\"><\/div><div class=\"col-4 text-center\"><img decoding=\"async\" src=\"https:\/\/www.tembici.com.br\/wp-content\/uploads\/2021\/07\/cx-awards.png\" alt=\"Pr\u00eamio\" class=\"mt-3\"><\/div><div class=\"col-4 text-center\"><img decoding=\"async\" src=\"https:\/\/www.tembici.com.br\/wp-content\/uploads\/2021\/07\/mobilidade-estadao1.png\" alt=\"Pr\u00eamio\" class=\"mt-3\"><\/div><div class=\"col-4 text-center\"><img decoding=\"async\" src=\"https:\/\/www.tembici.com.br\/wp-content\/uploads\/2021\/07\/sonion.png\" alt=\"Pr\u00eamio\" class=\"mt-3\"><\/div><div class=\"col-4 text-center\"><img decoding=\"async\" src=\"https:\/\/www.tembici.com.br\/wp-content\/uploads\/2021\/07\/premio-esg.png\" alt=\"Pr\u00eamio\" class=\"mt-3\"><\/div><div class=\"col-4 text-center\"><img decoding=\"async\" src=\"https:\/\/www.tembici.com.br\/wp-content\/uploads\/2021\/07\/logo-premio-100-2021-1.png\" alt=\"Pr\u00eamio\" class=\"mt-3\"><\/div>\r\n                    <\/div>\r\n                    <\/div>\r\n\r\n                <\/div>\r\n            <\/div>\r\n        <\/section>\n\n\n\n<section class=\"app-midia\">\n    <div class=\"container\">\n        <h1 class=\"text-center\">O que saiu na m\u00eddia<\/h1>\n            <div class=\"row\">\n  \n                <div class=\"col-12 planos__wrap-slider\">\n                    <div class=\"planos__slider  owl-carousel owl-theme\">\n  \n                        <div class=\"card card-midia item\" data-merge=\"4\" col-sm-12\">\n                            <div class=\"card-body\">\n                                <p class=\"card-title\">73% das pessoas utilizam bicicletas compartilhadas para evitar tr\u00e2nsito<\/p>\n                                <div class=\"card-text\">\n                                    <a href=\"https:\/\/veja.abril.com.br\/coluna\/radar-economico\/73-das-pessoas-utilizam-bicicletas-compartilhadas-para-evitar-transito\/\" class=\"card-link\">Leia a mat\u00e9ria <i class=\"fas fa-arrow-right\"><\/i><\/a>\n                                <\/div>\n                                <div class=\"card-text\">\n                                    <a href=\"https:\/\/veja.abril.com.br\/coluna\/radar-economico\/73-das-pessoas-utilizam-bicicletas-compartilhadas-para-evitar-transito\/\" target=\"_blank\"><img decoding=\"async\" src=\"https:\/\/www.tembici.com.br\/wp-content\/uploads\/2022\/05\/Veja.png\"><\/a>\n                                <\/div>\n                            <\/div>\n                        <\/div>\n                    \n                        <div class=\"card card-midia item\" data-merge=\"4\" col-sm-12\">\n                            <div class=\"card-body\">\n                                <p class=\"card-title\">Mulheres representam 40% das pessoas que utilizam bicicletas compartilhadas<\/p>\n                                <div class=\"card-text\">\n                                    <a href=\"https:\/\/mobilidade.estadao.com.br\/meios-de-transporte\/bicicleta\/mulheres-representam-40-dos-usuarios-de-bicicletas-compartilhadas\/\" class=\"card-link\">Leia a mat\u00e9ria <i class=\"fas fa-arrow-right\"><\/i><\/a>\n                                <\/div>\n                                <div class=\"card-text\">\n                                    <a href=\"https:\/\/mobilidade.estadao.com.br\/meios-de-transporte\/bicicleta\/mulheres-representam-40-dos-usuarios-de-bicicletas-compartilhadas\/\" target=\"_blank\"><img decoding=\"async\" src=\"https:\/\/www.tembici.com.br\/wp-content\/uploads\/2022\/05\/Midia-Mobilidade-Estadao.jpg\"><\/a>\n                                <\/div>\n                            <\/div>\n                        <\/div>\n  \n                        <div class=\"card card-midia item\" data-merge=\"4\" col-sm-12\">\n                            <div class=\"card-body\">\n                                <p class=\"card-title\">Pedalar \u00e9 aliada do meio ambiente e da sa\u00fade, mostra pesquisa de bikes compartilhadas<\/p>\n                                <div class=\"card-text\">\n                                    <a href=\"https:\/\/www.bemparana.com.br\/bem-estar\/saude-e-beleza\/pedalar-e-aliada-do-meio-ambiente-e-da-saude-mostra-pesquisa-de-bikes-compartilhadas\/\" class=\"card-link\">Leia a mat\u00e9ria <i class=\"fas fa-arrow-right\"><\/i><\/a>\n                                <\/div>\n                                <div class=\"card-text\">\n                                    <a href=\"https:\/\/www.bemparana.com.br\/bem-estar\/saude-e-beleza\/pedalar-e-aliada-do-meio-ambiente-e-da-saude-mostra-pesquisa-de-bikes-compartilhadas\/\" target=\"_blank\"><img decoding=\"async\" src=\"https:\/\/www.tembici.com.br\/wp-content\/uploads\/2022\/05\/bemparana.png\"><\/a>\n                                <\/div>\n                            <\/div>\n                        <\/div>\n                       \n\n                     \n  \n                    <\/div>\n                <\/div>\n  \n            <\/div>\n        <\/div>\n    <\/div>\n  <\/section>\n\n\n\n\r\n    <section class=\"app-falar\">\r\n        <div class=\"container\">\r\n            <h1 class=\"text-center\">Precisa de ajuda ou quer falar com a gente?<\/h1>\r\n                <div class=\"row\">\r\n                    <div class=\"col-12\">\r\n                        <div class=\"card card-midia item\" data-merge=\"4\" col-sm-12\">\r\n                            <div class=\"card-body\">\r\n                                <h4 class=\"card-title text-center\"><\/h4>\r\n                                <div class=\"card-text\">\r\n                                    <span class=\"text-center\"><p style=\"text-align: center;\">Acesse nossa <a href=\"https:\/\/tembicihelp.zendesk.com\/hc\/pt-br\">Central de ajuda<\/a><\/p>\n<p style=\"text-align: center;\">ou conhe\u00e7a os nossos <a class=\"c-link\" tabindex=\"-1\" href=\"https:\/\/tembicihelp.zendesk.com\/hc\/pt-br\/articles\/4415844030484\" target=\"_blank\" rel=\"noopener noreferrer\" data-stringify-link=\"https:\/\/tembicihelp.zendesk.com\/hc\/pt-br\/articles\/4415844030484\" data-sk=\"tooltip_parent\" data-remove-tab-index=\"true\">canais de atendimento<\/a><br \/>\n<b data-stringify-type=\"bold\"><\/b><\/p>\n<div class=\"card-text\">\n<p style=\"text-align: center;\">\n<\/div>\n<\/span>\r\n                                <\/div>\r\n                            <\/div>\r\n                        <\/div>\r\n                    \r\n                        <div class=\"card card-midia item\" data-merge=\"4\" col-sm-12\">\r\n                            <div class=\"card-body\">\r\n                                <h4 class=\"card-title text-center\">Imprensa<\/h4>\r\n                                <div class=\"card-text\">\r\n                                    <span class=\"text-center\"><p>E-mail:\u00a0<a href=\"mailto:imprensa@tembici.com\">imprensa@tembici.com<\/a><\/p>\n<\/span>\r\n                                <\/div>\r\n                            <\/div>\r\n                        <\/div>\r\n                    <\/div>\r\n                <\/div>\r\n            <\/div>\r\n        <\/div>\r\n    <\/section>\n","protected":false},"excerpt":{"rendered":"","protected":false},"author":24,"featured_media":0,"parent":0,"menu_order":0,"comment_status":"closed","ping_status":"closed","template":"","meta":{"_acf_changed":false,"footnotes":""},"class_list":["post-1751","page","type-page","status-publish","hentry"],"acf":[],"_links":{"self":[{"href":"https:\/\/www.tembici.com.br\/pt\/wp-json\/wp\/v2\/pages\/1751","targetHints":{"allow":["GET"]}}],"collection":[{"href":"https:\/\/www.tembici.com.br\/pt\/wp-json\/wp\/v2\/pages"}],"about":[{"href":"https:\/\/www.tembici.com.br\/pt\/wp-json\/wp\/v2\/types\/page"}],"author":[{"embeddable":true,"href":"https:\/\/www.tembici.com.br\/pt\/wp-json\/wp\/v2\/users\/24"}],"replies":[{"embeddable":true,"href":"https:\/\/www.tembici.com.br\/pt\/wp-json\/wp\/v2\/comments?post=1751"}],"version-history":[{"count":10,"href":"https:\/\/www.tembici.com.br\/pt\/wp-json\/wp\/v2\/pages\/1751\/revisions"}],"predecessor-version":[{"id":2025,"href":"https:\/\/www.tembici.com.br\/pt\/wp-json\/wp\/v2\/pages\/1751\/revisions\/2025"}],"wp:attachment":[{"href":"https:\/\/www.tembici.com.br\/pt\/wp-json\/wp\/v2\/media?parent=1751"}],"curies":[{"name":"wp","href":"https:\/\/api.w.org\/{rel}","templated":true}]}}